{"id":2321,"date":"2026-04-09T21:53:25","date_gmt":"2026-04-09T19:53:25","guid":{"rendered":"https:\/\/kulturnijiznimesto.cz\/cultural-events\/"},"modified":"2026-04-30T11:22:31","modified_gmt":"2026-04-30T09:22:31","slug":"cultural-events","status":"publish","type":"page","link":"https:\/\/kulturnijiznimesto.cz\/en\/cultural-events\/","title":{"rendered":"Cultural events"},"content":{"rendered":"\t\t<div data-elementor-type=\"wp-page\" data-elementor-id=\"2321\" class=\"elementor elementor-2321 elementor-1341\" wpc-filter-elementor-widget=\"1\" data-elementor-post-type=\"page\">\n\t\t\t\t<div class=\"elementor-element elementor-element-fbb25f7 e-flex e-con-boxed e-con e-parent\" data-id=\"fbb25f7\" data-element_type=\"container\" data-e-type=\"container\" data-settings=\"{&quot;background_background&quot;:&quot;classic&quot;}\">\n\t\t\t\t\t<div class=\"e-con-inner\">\n\t\t<div class=\"elementor-element elementor-element-cdcc66a e-con-full e-flex e-con e-child\" data-id=\"cdcc66a\" data-element_type=\"container\" data-e-type=\"container\">\n\t\t\t\t<div class=\"elementor-element elementor-element-9ef28bd elementor-widget elementor-widget-heading\" data-id=\"9ef28bd\" data-element_type=\"widget\" data-e-type=\"widget\" data-widget_type=\"heading.default\">\n\t\t\t\t\t<h1 class=\"elementor-heading-title elementor-size-default\">Cultural events<\/h1>\t\t\t\t<\/div>\n\t\t\t\t<div class=\"elementor-element elementor-element-6748fe3 elementor-widget__width-initial elementor-widget elementor-widget-heading\" data-id=\"6748fe3\" data-element_type=\"widget\" data-e-type=\"widget\" data-widget_type=\"heading.default\">\n\t\t\t\t\t<h2 class=\"elementor-heading-title elementor-size-default\">Concerts, theater performances, and special events throughout the year.<\/h2>\t\t\t\t<\/div>\n\t\t\t\t<\/div>\n\t\t\t\t\t<\/div>\n\t\t\t\t<\/div>\n\t\t<div class=\"elementor-element elementor-element-86330bb e-flex e-con-boxed e-con e-parent\" data-id=\"86330bb\" data-element_type=\"container\" data-e-type=\"container\">\n\t\t\t\t\t<div class=\"e-con-inner\">\n\t\t<div class=\"elementor-element elementor-element-562177f e-con-full e-flex e-con e-child\" data-id=\"562177f\" data-element_type=\"container\" data-e-type=\"container\">\n\t\t\t\t<div class=\"elementor-element elementor-element-434f8e2 elementor-widget elementor-widget-image\" data-id=\"434f8e2\" data-element_type=\"widget\" data-e-type=\"widget\" data-widget_type=\"image.default\">\n\t\t\t\t\t\t\t\t\t\t\t\t\t\t\t<img fetchpriority=\"high\" decoding=\"async\" width=\"800\" height=\"532\" src=\"https:\/\/kulturnijiznimesto.cz\/wp-content\/uploads\/2026\/04\/DSC_0105-1024x681.jpg\" class=\"attachment-large size-large wp-image-3457\" alt=\"A music group performing on stage with purple lighting.\" srcset=\"https:\/\/kulturnijiznimesto.cz\/wp-content\/uploads\/2026\/04\/DSC_0105-1024x681.jpg 1024w, https:\/\/kulturnijiznimesto.cz\/wp-content\/uploads\/2026\/04\/DSC_0105-300x200.jpg 300w, https:\/\/kulturnijiznimesto.cz\/wp-content\/uploads\/2026\/04\/DSC_0105-768x511.jpg 768w, https:\/\/kulturnijiznimesto.cz\/wp-content\/uploads\/2026\/04\/DSC_0105-1536x1022.jpg 1536w, https:\/\/kulturnijiznimesto.cz\/wp-content\/uploads\/2026\/04\/DSC_0105.jpg 1920w\" sizes=\"(max-width: 800px) 100vw, 800px\" \/>\t\t\t\t\t\t\t\t\t\t\t\t\t\t\t<\/div>\n\t\t\t\t<\/div>\n\t\t<div class=\"elementor-element elementor-element-e5050b6 e-con-full e-flex e-con e-child\" data-id=\"e5050b6\" data-element_type=\"container\" data-e-type=\"container\">\n\t\t\t\t<div class=\"elementor-element elementor-element-66a23bd elementor-widget elementor-widget-heading\" data-id=\"66a23bd\" data-element_type=\"widget\" data-e-type=\"widget\" data-widget_type=\"heading.default\">\n\t\t\t\t\t<h2 class=\"elementor-heading-title elementor-size-default\">CONCERTS<\/h2>\t\t\t\t<\/div>\n\t\t\t\t<div class=\"elementor-element elementor-element-8f76f0a elementor-widget elementor-widget-text-editor\" data-id=\"8f76f0a\" data-element_type=\"widget\" data-e-type=\"widget\" data-widget_type=\"text-editor.default\">\n\t\t\t\t\t\t\t\t\t<p>At least twice a month, we host concerts by Czech and international musicians. Fans of various musical genres, from folk to (pop)rock, will find something to enjoy. We regularly feature well-known singer-songwriters, as well as multi-genre or revival bands. Our multi-functional hall offers not only a great atmosphere but also good acoustics and high-quality sound.   <\/p>\t\t\t\t\t\t\t\t<\/div>\n\t\t\t\t<div class=\"elementor-element elementor-element-0240e54 elementor-tablet-align-justify elementor-widget elementor-widget-button\" data-id=\"0240e54\" data-element_type=\"widget\" data-e-type=\"widget\" data-widget_type=\"button.default\">\n\t\t\t\t\t\t\t\t\t\t<a class=\"elementor-button elementor-button-link elementor-size-sm\" href=\"https:\/\/kulturnijiznimesto.cz\/en\/photo-gallery\/#koncerty\">\n\t\t\t\t\t\t<span class=\"elementor-button-content-wrapper\">\n\t\t\t\t\t\t<span class=\"elementor-button-icon\">\n\t\t\t\t<svg xmlns=\"http:\/\/www.w3.org\/2000\/svg\" width=\"24\" height=\"24\" viewBox=\"0 0 24 24\" fill=\"none\"><path d=\"M4 12H19M15 7L20 12L15 17\" stroke=\"white\" stroke-width=\"1.5\" stroke-linecap=\"round\" stroke-linejoin=\"round\"><\/path><\/svg>\t\t\t<\/span>\n\t\t\t\t\t\t\t\t\t<span class=\"elementor-button-text\">View gallery<\/span>\n\t\t\t\t\t<\/span>\n\t\t\t\t\t<\/a>\n\t\t\t\t\t\t\t\t<\/div>\n\t\t\t\t<\/div>\n\t\t\t\t\t<\/div>\n\t\t\t\t<\/div>\n\t\t<div class=\"elementor-element elementor-element-d6532c2 e-flex e-con-boxed e-con e-parent\" data-id=\"d6532c2\" data-element_type=\"container\" data-e-type=\"container\">\n\t\t\t\t\t<div class=\"e-con-inner\">\n\t\t<div class=\"elementor-element elementor-element-ed63515 e-con-full e-flex e-con e-child\" data-id=\"ed63515\" data-element_type=\"container\" data-e-type=\"container\">\n\t\t\t\t<div class=\"elementor-element elementor-element-b059113 elementor-widget elementor-widget-image\" data-id=\"b059113\" data-element_type=\"widget\" data-e-type=\"widget\" data-widget_type=\"image.default\">\n\t\t\t\t\t\t\t\t\t\t\t\t\t\t\t<img decoding=\"async\" width=\"800\" height=\"505\" src=\"https:\/\/kulturnijiznimesto.cz\/wp-content\/uploads\/2026\/04\/1-1024x647.jpg\" class=\"attachment-large size-large wp-image-3456\" alt=\"Actors on a theater stage with red chairs and classic scenery.\" srcset=\"https:\/\/kulturnijiznimesto.cz\/wp-content\/uploads\/2026\/04\/1-1024x647.jpg 1024w, https:\/\/kulturnijiznimesto.cz\/wp-content\/uploads\/2026\/04\/1-300x190.jpg 300w, https:\/\/kulturnijiznimesto.cz\/wp-content\/uploads\/2026\/04\/1-768x485.jpg 768w, https:\/\/kulturnijiznimesto.cz\/wp-content\/uploads\/2026\/04\/1-1536x970.jpg 1536w, https:\/\/kulturnijiznimesto.cz\/wp-content\/uploads\/2026\/04\/1.jpg 1920w\" sizes=\"(max-width: 800px) 100vw, 800px\" \/>\t\t\t\t\t\t\t\t\t\t\t\t\t\t\t<\/div>\n\t\t\t\t<\/div>\n\t\t<div class=\"elementor-element elementor-element-bbe1624 e-con-full e-flex e-con e-child\" data-id=\"bbe1624\" data-element_type=\"container\" data-e-type=\"container\">\n\t\t\t\t<div class=\"elementor-element elementor-element-097b741 elementor-widget elementor-widget-heading\" data-id=\"097b741\" data-element_type=\"widget\" data-e-type=\"widget\" data-widget_type=\"heading.default\">\n\t\t\t\t\t<h2 class=\"elementor-heading-title elementor-size-default\">THEATER<\/h2>\t\t\t\t<\/div>\n\t\t\t\t<div class=\"elementor-element elementor-element-0938848 elementor-widget elementor-widget-text-editor\" data-id=\"0938848\" data-element_type=\"widget\" data-e-type=\"widget\" data-widget_type=\"text-editor.default\">\n\t\t\t\t\t\t\t\t\t<div class=\"fusion-text fusion-text-2\"><p>Our theater performances bring audiences face-to-face with acting stars and provide a high-quality theatrical experience without the need to travel to Prague&#8217;s city center. We stage performances once a month from October to April. <\/p><\/div><div class=\"fusion-text fusion-text-3\"><p>We also provide facilities for the amateur theater group AMARTUM (formerly Ochotn\u00edci Ji\u017en\u00ed M\u011bsto) and host the South City Amateur Theater Showcase.<\/p><\/div>\t\t\t\t\t\t\t\t<\/div>\n\t\t\t\t<div class=\"elementor-element elementor-element-15a917f elementor-tablet-align-justify elementor-widget elementor-widget-button\" data-id=\"15a917f\" data-element_type=\"widget\" data-e-type=\"widget\" data-widget_type=\"button.default\">\n\t\t\t\t\t\t\t\t\t\t<a class=\"elementor-button elementor-button-link elementor-size-sm\" href=\"https:\/\/kulturnijiznimesto.cz\/en\/photo-gallery\/#divadlo\">\n\t\t\t\t\t\t<span class=\"elementor-button-content-wrapper\">\n\t\t\t\t\t\t<span class=\"elementor-button-icon\">\n\t\t\t\t<svg xmlns=\"http:\/\/www.w3.org\/2000\/svg\" width=\"24\" height=\"24\" viewBox=\"0 0 24 24\" fill=\"none\"><path d=\"M4 12H19M15 7L20 12L15 17\" stroke=\"white\" stroke-width=\"1.5\" stroke-linecap=\"round\" stroke-linejoin=\"round\"><\/path><\/svg>\t\t\t<\/span>\n\t\t\t\t\t\t\t\t\t<span class=\"elementor-button-text\">View gallery<\/span>\n\t\t\t\t\t<\/span>\n\t\t\t\t\t<\/a>\n\t\t\t\t\t\t\t\t<\/div>\n\t\t\t\t<\/div>\n\t\t\t\t\t<\/div>\n\t\t\t\t<\/div>\n\t\t<div class=\"elementor-element elementor-element-782a151 e-flex e-con-boxed e-con e-parent\" data-id=\"782a151\" data-element_type=\"container\" data-e-type=\"container\">\n\t\t\t\t\t<div class=\"e-con-inner\">\n\t\t<div class=\"elementor-element elementor-element-0f6b720 e-con-full e-flex e-con e-child\" data-id=\"0f6b720\" data-element_type=\"container\" data-e-type=\"container\">\n\t\t\t\t<div class=\"elementor-element elementor-element-db985b7 elementor-widget elementor-widget-image\" data-id=\"db985b7\" data-element_type=\"widget\" data-e-type=\"widget\" data-settings=\"{&quot;sticky&quot;:&quot;top&quot;,&quot;sticky_on&quot;:[&quot;desktop&quot;,&quot;tablet&quot;],&quot;sticky_offset&quot;:200,&quot;sticky_effects_offset&quot;:100,&quot;sticky_parent&quot;:&quot;yes&quot;,&quot;sticky_anchor_link_offset&quot;:0}\" data-widget_type=\"image.default\">\n\t\t\t\t\t\t\t\t\t\t\t\t\t\t\t<img decoding=\"async\" width=\"800\" height=\"532\" src=\"https:\/\/kulturnijiznimesto.cz\/wp-content\/uploads\/2026\/04\/DSC_2252-scaled-1-1024x681.jpg\" class=\"attachment-large size-large wp-image-3453\" alt=\"Musician playing the French horn.\" srcset=\"https:\/\/kulturnijiznimesto.cz\/wp-content\/uploads\/2026\/04\/DSC_2252-scaled-1-1024x681.jpg 1024w, https:\/\/kulturnijiznimesto.cz\/wp-content\/uploads\/2026\/04\/DSC_2252-scaled-1-300x200.jpg 300w, https:\/\/kulturnijiznimesto.cz\/wp-content\/uploads\/2026\/04\/DSC_2252-scaled-1-768x511.jpg 768w, https:\/\/kulturnijiznimesto.cz\/wp-content\/uploads\/2026\/04\/DSC_2252-scaled-1-1536x1022.jpg 1536w, https:\/\/kulturnijiznimesto.cz\/wp-content\/uploads\/2026\/04\/DSC_2252-scaled-1-2048x1362.jpg 2048w\" sizes=\"(max-width: 800px) 100vw, 800px\" \/>\t\t\t\t\t\t\t\t\t\t\t\t\t\t\t<\/div>\n\t\t\t\t<\/div>\n\t\t<div class=\"elementor-element elementor-element-8a5fb97 e-con-full e-flex e-con e-child\" data-id=\"8a5fb97\" data-element_type=\"container\" data-e-type=\"container\">\n\t\t\t\t<div class=\"elementor-element elementor-element-fa6d090 elementor-widget elementor-widget-heading\" data-id=\"fa6d090\" data-element_type=\"widget\" data-e-type=\"widget\" data-widget_type=\"heading.default\">\n\t\t\t\t\t<h2 class=\"elementor-heading-title elementor-size-default\">MUSICAL ENCOUNTERS IN SOUTH CITY<\/h2>\t\t\t\t<\/div>\n\t\t\t\t<div class=\"elementor-element elementor-element-0e9e36a elementor-widget elementor-widget-text-editor\" data-id=\"0e9e36a\" data-element_type=\"widget\" data-e-type=\"widget\" data-widget_type=\"text-editor.default\">\n\t\t\t\t\t\t\t\t\t<p><strong>A series of classical music concerts held both indoors and under the open sky<\/strong><\/p><p>To mark the 50th anniversary of the founding of South City (Ji\u017en\u00ed M\u011bsto) in 2026, the program will include a themed concert titled &#8220;Half a Century of South City: A Musical Portrait.&#8221; Each year of the series will be dramaturgically unified by a thematic thread. The first season in 2026 will carry the subtitle &#8220;50 Years of South City&#8221; and will be dedicated to celebrating the cultural, urban, and human identity of this significant residential area.   <\/p><p><b>The summer part of the series (May \u2013 September)<\/b> will offer open-air concerts in parks and public spaces, such as the Park at Chodovsk\u00e1 tvrz, South City Central Park, or the courtyards of cultural and educational institutions. String quartets, soloists, opera singers, student chamber ensembles, and choirs will perform here. The atmosphere will be informal and accessible to all age groups, with the option of picnic seating on blankets and refreshments from local businesses. The program will range from light classics and film music to special concerts for families with children.   <\/p><p><b>The winter part (October \u2013 March)<\/b> will move to indoor spaces with suitable acoustics and technical facilities. Concerts will take place at locations such as Chodovsk\u00e1 tvrz and the Zahrada Cultural Center. These will focus on chamber repertoire, solo recitals, opera arias, and themed concerts such as Advent music evenings, a New Year&#8217;s concert for seniors, or programs inspired by sacred music. An important element is the opportunity for follow-up discussions with the performers, making the events interactive and educational.    <\/p><p>A total of eight concerts will take place throughout the year: four in the summer outdoor section and four in the winter indoor cycle. Each performance will be enriched by a community dimension, offering the chance for informal meetings and connecting the audience with the performers. Emphasis is placed on local cooperation, involving the South City Art School (ZU\u0160), local primary schools, and cultural institutions.   <\/p><p>The project will help raise the profile of Prague 11 as a culturally active district. Added value is also provided by offering concerts in barrier-free spaces and the possibility of adapting certain programs for people with hearing or visual impairments. Admission will be voluntary or symbolic, with an emphasis on accessibility for everyone. The ambition is to create a traditional cultural platform that brings classical music closer to people and continues to develop for the benefit of the entire community.   <\/p><p>To mark the 50th anniversary of the founding of South City in 2026, the program will include a themed concert titled &#8220;Half a Century of South City: A Musical Portrait of a Housing Estate.&#8221; This special evening will commemorate the history, architecture, and human stories of this district through a selection of works by Czech composers, personal memories, projections of historical photographs, and moderated segments. The concert will be held in the spirit of celebrating the identity of the place, its evolution, and its cultural potential.   <\/p>\t\t\t\t\t\t\t\t<\/div>\n\t\t\t\t<div class=\"elementor-element elementor-element-287c432 elementor-tablet-align-justify elementor-widget elementor-widget-button\" data-id=\"287c432\" data-element_type=\"widget\" data-e-type=\"widget\" data-widget_type=\"button.default\">\n\t\t\t\t\t\t\t\t\t\t<a class=\"elementor-button elementor-button-link elementor-size-sm\" href=\"https:\/\/kulturnijiznimesto.cz\/en\/photo-gallery\/#divadlo\">\n\t\t\t\t\t\t<span class=\"elementor-button-content-wrapper\">\n\t\t\t\t\t\t<span class=\"elementor-button-icon\">\n\t\t\t\t<svg xmlns=\"http:\/\/www.w3.org\/2000\/svg\" width=\"24\" height=\"24\" viewBox=\"0 0 24 24\" fill=\"none\"><path d=\"M4 12H19M15 7L20 12L15 17\" stroke=\"white\" stroke-width=\"1.5\" stroke-linecap=\"round\" stroke-linejoin=\"round\"><\/path><\/svg>\t\t\t<\/span>\n\t\t\t\t\t\t\t\t\t<span class=\"elementor-button-text\">View gallery<\/span>\n\t\t\t\t\t<\/span>\n\t\t\t\t\t<\/a>\n\t\t\t\t\t\t\t\t<\/div>\n\t\t\t\t<\/div>\n\t\t\t\t\t<\/div>\n\t\t\t\t<\/div>\n\t\t<div class=\"elementor-element elementor-element-8a5b4a4 e-flex e-con-boxed e-con e-parent\" data-id=\"8a5b4a4\" data-element_type=\"container\" data-e-type=\"container\">\n\t\t\t\t\t<div class=\"e-con-inner\">\n\t\t<div class=\"elementor-element elementor-element-60df48f e-con-full e-flex e-con e-child\" data-id=\"60df48f\" data-element_type=\"container\" data-e-type=\"container\">\n\t\t\t\t<div class=\"elementor-element elementor-element-47d7119 elementor-widget elementor-widget-image\" data-id=\"47d7119\" data-element_type=\"widget\" data-e-type=\"widget\" data-settings=\"{&quot;sticky&quot;:&quot;top&quot;,&quot;sticky_on&quot;:[&quot;desktop&quot;,&quot;tablet&quot;],&quot;sticky_offset&quot;:200,&quot;sticky_effects_offset&quot;:100,&quot;sticky_parent&quot;:&quot;yes&quot;,&quot;sticky_anchor_link_offset&quot;:0}\" data-widget_type=\"image.default\">\n\t\t\t\t\t\t\t\t\t\t\t\t\t\t\t<img loading=\"lazy\" decoding=\"async\" width=\"800\" height=\"532\" src=\"https:\/\/kulturnijiznimesto.cz\/wp-content\/uploads\/2026\/04\/grilovani6-1024x681.jpg\" class=\"attachment-large size-large wp-image-3454\" alt=\"A group of people under a tent at an outdoor community event.\" srcset=\"https:\/\/kulturnijiznimesto.cz\/wp-content\/uploads\/2026\/04\/grilovani6-1024x681.jpg 1024w, https:\/\/kulturnijiznimesto.cz\/wp-content\/uploads\/2026\/04\/grilovani6-300x199.jpg 300w, https:\/\/kulturnijiznimesto.cz\/wp-content\/uploads\/2026\/04\/grilovani6-768x511.jpg 768w, https:\/\/kulturnijiznimesto.cz\/wp-content\/uploads\/2026\/04\/grilovani6.jpg 1504w\" sizes=\"(max-width: 800px) 100vw, 800px\" \/>\t\t\t\t\t\t\t\t\t\t\t\t\t\t\t<\/div>\n\t\t\t\t<\/div>\n\t\t<div class=\"elementor-element elementor-element-bc3ac81 e-con-full e-flex e-con e-child\" data-id=\"bc3ac81\" data-element_type=\"container\" data-e-type=\"container\">\n\t\t\t\t<div class=\"elementor-element elementor-element-3ec3454 elementor-widget elementor-widget-heading\" data-id=\"3ec3454\" data-element_type=\"widget\" data-e-type=\"widget\" data-widget_type=\"heading.default\">\n\t\t\t\t\t<h2 class=\"elementor-heading-title elementor-size-default\">EVENTS<\/h2>\t\t\t\t<\/div>\n\t\t\t\t<div class=\"elementor-element elementor-element-b0ace59 elementor-widget elementor-widget-text-editor\" data-id=\"b0ace59\" data-element_type=\"widget\" data-e-type=\"widget\" data-widget_type=\"text-editor.default\">\n\t\t\t\t\t\t\t\t\t<p>South City Carnival.<\/p><p>The South City Carnival (Masopust) follows the tradition of carnival festivities and parades. It leads from the Opatov metro station to the Mother Teresa Community Center and concludes with a themed afternoon of games featuring traditional carnival characters and a children&#8217;s theater performance. <\/p><p>Witches&#8217; Night<\/p><p>An afternoon and evening program for children and adults. It includes children&#8217;s games, the popular roasting of sausages, an outdoor fairy tale, the traditional burning of the witch, a concert, and the essential surprise after dark. <\/p><p>Children&#8217;s Day<\/p><p>Children&#8217;s Day is a gift for all children on their special day. For our little celebrants, we have prepared an afternoon of games packed with fun at numerous stations where children can play, create, try new skills, or enjoy some sports. <\/p><p>Grilling Without Borders<\/p><p>The end of June and September belong to grilling at KC Zahrada. The afternoon and early evening are filled not only with grilling but also with pleasant neighborly get-togethers, music for dancing and listening, and games and workshops for children. <\/p><p>St. Nicholas Parade<\/p><p>On the eve of St. Nicholas Day, the devil, the angel, and St. Nicholas\u2014along with many little angels and devils\u2014set off on a parade through Central Park, where a fiery surprise, sweet and warm refreshments, and a carol sing-along await them.<\/p>\t\t\t\t\t\t\t\t<\/div>\n\t\t\t\t<div class=\"elementor-element elementor-element-9c355b6 elementor-tablet-align-justify elementor-widget elementor-widget-button\" data-id=\"9c355b6\" data-element_type=\"widget\" data-e-type=\"widget\" data-widget_type=\"button.default\">\n\t\t\t\t\t\t\t\t\t\t<a class=\"elementor-button elementor-button-link elementor-size-sm\" href=\"https:\/\/kulturnijiznimesto.cz\/en\/photo-gallery\/#galerie-zona-akce\">\n\t\t\t\t\t\t<span class=\"elementor-button-content-wrapper\">\n\t\t\t\t\t\t<span class=\"elementor-button-icon\">\n\t\t\t\t<svg xmlns=\"http:\/\/www.w3.org\/2000\/svg\" width=\"24\" height=\"24\" viewBox=\"0 0 24 24\" fill=\"none\"><path d=\"M4 12H19M15 7L20 12L15 17\" stroke=\"white\" stroke-width=\"1.5\" stroke-linecap=\"round\" stroke-linejoin=\"round\"><\/path><\/svg>\t\t\t<\/span>\n\t\t\t\t\t\t\t\t\t<span class=\"elementor-button-text\">View gallery<\/span>\n\t\t\t\t\t<\/span>\n\t\t\t\t\t<\/a>\n\t\t\t\t\t\t\t\t<\/div>\n\t\t\t\t<\/div>\n\t\t\t\t\t<\/div>\n\t\t\t\t<\/div>\n\t\t<div class=\"elementor-element elementor-element-f5d2ff3 e-flex e-con-boxed e-con e-parent\" data-id=\"f5d2ff3\" data-element_type=\"container\" data-e-type=\"container\">\n\t\t\t\t\t<div class=\"e-con-inner\">\n\t\t<div class=\"elementor-element elementor-element-39b0fef e-con-full e-flex e-con e-child\" data-id=\"39b0fef\" data-element_type=\"container\" data-e-type=\"container\">\n\t\t\t\t<div class=\"elementor-element elementor-element-3e6919f elementor-widget elementor-widget-image\" data-id=\"3e6919f\" data-element_type=\"widget\" data-e-type=\"widget\" data-widget_type=\"image.default\">\n\t\t\t\t\t\t\t\t\t\t\t\t\t\t\t<img loading=\"lazy\" decoding=\"async\" width=\"683\" height=\"1024\" src=\"https:\/\/kulturnijiznimesto.cz\/wp-content\/uploads\/2026\/04\/kino-aznavour-scaled-1-683x1024.jpg\" class=\"attachment-large size-large wp-image-3455\" alt=\"A man in a suit standing in front of gold decorative fans, a shot from the film.\" srcset=\"https:\/\/kulturnijiznimesto.cz\/wp-content\/uploads\/2026\/04\/kino-aznavour-scaled-1-683x1024.jpg 683w, https:\/\/kulturnijiznimesto.cz\/wp-content\/uploads\/2026\/04\/kino-aznavour-scaled-1-200x300.jpg 200w, https:\/\/kulturnijiznimesto.cz\/wp-content\/uploads\/2026\/04\/kino-aznavour-scaled-1-768x1152.jpg 768w, https:\/\/kulturnijiznimesto.cz\/wp-content\/uploads\/2026\/04\/kino-aznavour-scaled-1-1024x1536.jpg 1024w, https:\/\/kulturnijiznimesto.cz\/wp-content\/uploads\/2026\/04\/kino-aznavour-scaled-1-1366x2048.jpg 1366w, https:\/\/kulturnijiznimesto.cz\/wp-content\/uploads\/2026\/04\/kino-aznavour-scaled-1.jpg 1707w\" sizes=\"(max-width: 683px) 100vw, 683px\" \/>\t\t\t\t\t\t\t\t\t\t\t\t\t\t\t<\/div>\n\t\t\t\t<\/div>\n\t\t<div class=\"elementor-element elementor-element-2dbbb8b e-con-full e-flex e-con e-child\" data-id=\"2dbbb8b\" data-element_type=\"container\" data-e-type=\"container\">\n\t\t\t\t<div class=\"elementor-element elementor-element-1af994d elementor-widget elementor-widget-heading\" data-id=\"1af994d\" data-element_type=\"widget\" data-e-type=\"widget\" data-widget_type=\"heading.default\">\n\t\t\t\t\t<h2 class=\"elementor-heading-title elementor-size-default\">Cinema<\/h2>\t\t\t\t<\/div>\n\t\t\t\t<div class=\"elementor-element elementor-element-098be83 elementor-widget elementor-widget-text-editor\" data-id=\"098be83\" data-element_type=\"widget\" data-e-type=\"widget\" data-widget_type=\"text-editor.default\">\n\t\t\t\t\t\t\t\t\t<p>From a poor childhood to rise and fame, from failures to triumphs, from Parisian cabarets to the greatest stages in the world. Intimate, intense, fragile yet indestructible, devoted to his music until the very end\u2014this is one of the most famous singers of all time: CHARLES AZNAVOUR. <\/p><p>133 min | France | 2024 |<\/p>\t\t\t\t\t\t\t\t<\/div>\n\t\t\t\t<div class=\"elementor-element elementor-element-df0ed5e elementor-tablet-align-justify elementor-widget elementor-widget-button\" data-id=\"df0ed5e\" data-element_type=\"widget\" data-e-type=\"widget\" data-widget_type=\"button.default\">\n\t\t\t\t\t\t\t\t\t\t<a class=\"elementor-button elementor-button-link elementor-size-sm\" href=\"https:\/\/kulturnijiznimesto.cz\/en\/photo-gallery\/#divadlo\">\n\t\t\t\t\t\t<span class=\"elementor-button-content-wrapper\">\n\t\t\t\t\t\t<span class=\"elementor-button-icon\">\n\t\t\t\t<svg xmlns=\"http:\/\/www.w3.org\/2000\/svg\" width=\"24\" height=\"24\" viewBox=\"0 0 24 24\" fill=\"none\"><path d=\"M4 12H19M15 7L20 12L15 17\" stroke=\"white\" stroke-width=\"1.5\" stroke-linecap=\"round\" stroke-linejoin=\"round\"><\/path><\/svg>\t\t\t<\/span>\n\t\t\t\t\t\t\t\t\t<span class=\"elementor-button-text\">View gallery<\/span>\n\t\t\t\t\t<\/span>\n\t\t\t\t\t<\/a>\n\t\t\t\t\t\t\t\t<\/div>\n\t\t\t\t<\/div>\n\t\t\t\t\t<\/div>\n\t\t\t\t<\/div>\n\t\t\t\t<\/div>\n\t\t","protected":false},"excerpt":{"rendered":"<p>Cultural events Concerts, theater performances, and special events throughout the year. CONCERTS At least twice a month, we host concerts by Czech and international musicians. Fans of various musical genres, from folk to (pop)rock, will find something to enjoy. We regularly feature well-known singer-songwriters, as well as multi-genre or revival bands. Our multi-functional hall offers [&hellip;]<\/p>\n","protected":false},"author":3,"featured_media":0,"parent":0,"menu_order":0,"comment_status":"closed","ping_status":"closed","template":"elementor_header_footer","meta":{"_acf_changed":false,"footnotes":""},"class_list":["post-2321","page","type-page","status-publish","hentry"],"acf":[],"_links":{"self":[{"href":"https:\/\/kulturnijiznimesto.cz\/en\/wp-json\/wp\/v2\/pages\/2321","targetHints":{"allow":["GET"]}}],"collection":[{"href":"https:\/\/kulturnijiznimesto.cz\/en\/wp-json\/wp\/v2\/pages"}],"about":[{"href":"https:\/\/kulturnijiznimesto.cz\/en\/wp-json\/wp\/v2\/types\/page"}],"author":[{"embeddable":true,"href":"https:\/\/kulturnijiznimesto.cz\/en\/wp-json\/wp\/v2\/users\/3"}],"replies":[{"embeddable":true,"href":"https:\/\/kulturnijiznimesto.cz\/en\/wp-json\/wp\/v2\/comments?post=2321"}],"version-history":[{"count":6,"href":"https:\/\/kulturnijiznimesto.cz\/en\/wp-json\/wp\/v2\/pages\/2321\/revisions"}],"predecessor-version":[{"id":5838,"href":"https:\/\/kulturnijiznimesto.cz\/en\/wp-json\/wp\/v2\/pages\/2321\/revisions\/5838"}],"wp:attachment":[{"href":"https:\/\/kulturnijiznimesto.cz\/en\/wp-json\/wp\/v2\/media?parent=2321"}],"curies":[{"name":"wp","href":"https:\/\/api.w.org\/{rel}","templated":true}]}}