{"id":5243,"date":"2026-04-26T19:13:52","date_gmt":"2026-04-26T17:13:52","guid":{"rendered":"https:\/\/kulturnijiznimesto.cz\/gizela\/"},"modified":"2026-04-30T10:59:00","modified_gmt":"2026-04-30T08:59:00","slug":"gizela","status":"publish","type":"page","link":"https:\/\/kulturnijiznimesto.cz\/en\/gizela\/","title":{"rendered":"Gizela"},"content":{"rendered":"\t\t<div data-elementor-type=\"wp-page\" data-elementor-id=\"5243\" class=\"elementor elementor-5243 elementor-5138\" wpc-filter-elementor-widget=\"1\" data-elementor-post-type=\"page\">\n\t\t\t\t<div class=\"elementor-element elementor-element-a173e9c e-flex e-con-boxed e-con e-parent\" data-id=\"a173e9c\" data-element_type=\"container\" data-e-type=\"container\" data-settings=\"{&quot;background_background&quot;:&quot;classic&quot;}\">\n\t\t\t\t\t<div class=\"e-con-inner\">\n\t\t<div class=\"elementor-element elementor-element-46a5450 e-con-full e-flex e-con e-child\" data-id=\"46a5450\" data-element_type=\"container\" data-e-type=\"container\">\n\t\t\t\t<div class=\"elementor-element elementor-element-b9c407a elementor-widget elementor-widget-button\" data-id=\"b9c407a\" data-element_type=\"widget\" data-e-type=\"widget\" data-widget_type=\"button.default\">\n\t\t\t\t\t\t\t\t\t\t<a class=\"elementor-button elementor-button-link elementor-size-sm\" href=\"#\">\n\t\t\t\t\t\t<span class=\"elementor-button-content-wrapper\">\n\t\t\t\t\t\t\t\t\t<span class=\"elementor-button-text\">\u2728 Coming soon<\/span>\n\t\t\t\t\t<\/span>\n\t\t\t\t\t<\/a>\n\t\t\t\t\t\t\t\t<\/div>\n\t\t\t\t<div class=\"elementor-element elementor-element-c7c6a5c elementor-widget elementor-widget-heading\" data-id=\"c7c6a5c\" data-element_type=\"widget\" data-e-type=\"widget\" data-widget_type=\"heading.default\">\n\t\t\t\t\t<h1 class=\"elementor-heading-title elementor-size-default\">Gizela Cabin<\/h1>\t\t\t\t<\/div>\n\t\t\t\t<div class=\"elementor-element elementor-element-d4275e0 elementor-widget__width-initial elementor-widget elementor-widget-heading\" data-id=\"d4275e0\" data-element_type=\"widget\" data-e-type=\"widget\" data-widget_type=\"heading.default\">\n\t\t\t\t\t<p class=\"elementor-heading-title elementor-size-default\">A meeting place in South Town\n<\/p>\t\t\t\t<\/div>\n\t\t\t\t<\/div>\n\t\t\t\t\t<\/div>\n\t\t\t\t<\/div>\n\t\t<div class=\"elementor-element elementor-element-7f48265 e-flex e-con-boxed e-con e-parent\" data-id=\"7f48265\" data-element_type=\"container\" data-e-type=\"container\">\n\t\t\t\t\t<div class=\"e-con-inner\">\n\t\t\t\t<div class=\"elementor-element elementor-element-ebd4358 elementor-widget elementor-widget-heading\" data-id=\"ebd4358\" data-element_type=\"widget\" data-e-type=\"widget\" data-widget_type=\"heading.default\">\n\t\t\t\t\t<h2 class=\"elementor-heading-title elementor-size-default\">A new chapter for South Town<\/h2>\t\t\t\t<\/div>\n\t\t\t\t<div class=\"elementor-element elementor-element-588a69b elementor-widget__width-initial elementor-widget elementor-widget-heading\" data-id=\"588a69b\" data-element_type=\"widget\" data-e-type=\"widget\" data-widget_type=\"heading.default\">\n\t\t\t\t\t<h2 class=\"elementor-heading-title elementor-size-default\">We are preparing a cultural and community space for you called Gizela, created under the Kulturn\u00ed Ji\u017en\u00ed M\u011bsto brand. You can look forward to a diverse program of events and neighborhood gatherings. \n<br><br>The grand opening will take place on February 7. 2026 \u2014 we would love for you to be there with us. <br><br> Follow us on our other channels or feel free to contact us for more information.<\/h2>\t\t\t\t<\/div>\n\t\t<div class=\"elementor-element elementor-element-eca5c05 e-con-full e-flex e-con e-child\" data-id=\"eca5c05\" data-element_type=\"container\" data-e-type=\"container\">\n\t\t\t\t<div class=\"elementor-element elementor-element-2e35262 elementor-widget elementor-widget-heading\" data-id=\"2e35262\" data-element_type=\"widget\" data-e-type=\"widget\" data-widget_type=\"heading.default\">\n\t\t\t\t\t<h2 class=\"elementor-heading-title elementor-size-default\">Stay informed<\/h2>\t\t\t\t<\/div>\n\t\t\t\t<div class=\"elementor-element elementor-element-23bf86c elementor-widget__width-initial elementor-widget elementor-widget-heading\" data-id=\"23bf86c\" data-element_type=\"widget\" data-e-type=\"widget\" data-widget_type=\"heading.default\">\n\t\t\t\t\t<h2 class=\"elementor-heading-title elementor-size-default\">Get in touch and we'll let you know when Gizela opens its doors.<\/h2>\t\t\t\t<\/div>\n\t\t\t\t<div class=\"elementor-element elementor-element-af9f241 elementor-align-center elementor-widget elementor-widget-button\" data-id=\"af9f241\" data-element_type=\"widget\" data-e-type=\"widget\" data-widget_type=\"button.default\">\n\t\t\t\t\t\t\t\t\t\t<a class=\"elementor-button elementor-button-link elementor-size-sm\" href=\"#\">\n\t\t\t\t\t\t<span class=\"elementor-button-content-wrapper\">\n\t\t\t\t\t\t<span class=\"elementor-button-icon\">\n\t\t\t\t<svg xmlns=\"http:\/\/www.w3.org\/2000\/svg\" width=\"24\" height=\"24\" viewBox=\"0 0 24 24\" fill=\"none\"><path d=\"M4 12H19M15 7L20 12L15 17\" stroke=\"white\" stroke-width=\"1.5\" stroke-linecap=\"round\" stroke-linejoin=\"round\"><\/path><\/svg>\t\t\t<\/span>\n\t\t\t\t\t\t\t\t\t<span class=\"elementor-button-text\">Contact us<\/span>\n\t\t\t\t\t<\/span>\n\t\t\t\t\t<\/a>\n\t\t\t\t\t\t\t\t<\/div>\n\t\t\t\t<\/div>\n\t\t\t\t<div class=\"elementor-element elementor-element-5094d45 elementor-widget-divider--view-line elementor-widget elementor-widget-divider\" data-id=\"5094d45\" data-element_type=\"widget\" data-e-type=\"widget\" data-widget_type=\"divider.default\">\n\t\t\t\t\t\t\t<div class=\"elementor-divider\">\n\t\t\t<span class=\"elementor-divider-separator\">\n\t\t\t\t\t\t<\/span>\n\t\t<\/div>\n\t\t\t\t\t\t<\/div>\n\t\t\t\t\t<\/div>\n\t\t\t\t<\/div>\n\t\t\t\t<\/div>\n\t\t","protected":false},"excerpt":{"rendered":"<p>\u2728 Coming soon Gizela Cabin A meeting place in South Town A new chapter for South Town We are preparing a cultural and community space for you called Gizela, created under the Kulturn\u00ed Ji\u017en\u00ed M\u011bsto brand. You can look forward to a diverse program of events and neighborhood gatherings. The grand opening will take place [&hellip;]<\/p>\n","protected":false},"author":3,"featured_media":0,"parent":0,"menu_order":0,"comment_status":"closed","ping_status":"closed","template":"elementor_header_footer","meta":{"_acf_changed":false,"footnotes":""},"class_list":["post-5243","page","type-page","status-publish","hentry"],"acf":[],"_links":{"self":[{"href":"https:\/\/kulturnijiznimesto.cz\/en\/wp-json\/wp\/v2\/pages\/5243","targetHints":{"allow":["GET"]}}],"collection":[{"href":"https:\/\/kulturnijiznimesto.cz\/en\/wp-json\/wp\/v2\/pages"}],"about":[{"href":"https:\/\/kulturnijiznimesto.cz\/en\/wp-json\/wp\/v2\/types\/page"}],"author":[{"embeddable":true,"href":"https:\/\/kulturnijiznimesto.cz\/en\/wp-json\/wp\/v2\/users\/3"}],"replies":[{"embeddable":true,"href":"https:\/\/kulturnijiznimesto.cz\/en\/wp-json\/wp\/v2\/comments?post=5243"}],"version-history":[{"count":3,"href":"https:\/\/kulturnijiznimesto.cz\/en\/wp-json\/wp\/v2\/pages\/5243\/revisions"}],"predecessor-version":[{"id":5833,"href":"https:\/\/kulturnijiznimesto.cz\/en\/wp-json\/wp\/v2\/pages\/5243\/revisions\/5833"}],"wp:attachment":[{"href":"https:\/\/kulturnijiznimesto.cz\/en\/wp-json\/wp\/v2\/media?parent=5243"}],"curies":[{"name":"wp","href":"https:\/\/api.w.org\/{rel}","templated":true}]}}